{"id":2550,"date":"2022-02-14T16:26:32","date_gmt":"2022-02-14T14:26:32","guid":{"rendered":"https:\/\/plakci.nl\/?post_type=product&#038;p=2550"},"modified":"2026-04-28T17:03:00","modified_gmt":"2026-04-28T15:03:00","slug":"ibrahim-tatlises-aci-gercekler-mutlu-ol-yeter-lp","status":"publish","type":"product","link":"https:\/\/plakci.nl\/tr\/product\/ibrahim-tatlises-aci-gercekler-mutlu-ol-yeter-lp\/","title":{"rendered":"[LP] \u0130brahim Tatl\u0131ses &#8211; Ac\u0131 Ger\u00e7ekler \/ Mutlu Ol Yeter"},"content":{"rendered":"<p>A:<\/p>\n<ol>\n<li>Bu da Ge\u00e7er<\/li>\n<li>Ac\u0131 Ger\u00e7ekler<\/li>\n<li>Bir Kulunu \u00c7ok Sevdim<\/li>\n<li>Ayr\u0131l\u0131k Kolay De\u011fil<\/li>\n<li>G\u00fclmemiz Gerek<\/li>\n<\/ol>\n<p>B:<\/p>\n<ol>\n<li>Ya\u015famak Bu De\u011fil<\/li>\n<li>Seni Yakacaklar<\/li>\n<li>\u00d6l\u00fcrsem Kabrime Gelme \u0130stemem<\/li>\n<li>Mutlu Ol Yeter<\/li>\n<li>Aya\u011f\u0131nda Kundura<\/li>\n<\/ol>\n","protected":false},"excerpt":{"rendered":"<p>A: Bu da Ge\u00e7er Ac\u0131 Ger\u00e7ekler Bir Kulunu \u00c7ok Sevdim Ayr\u0131l\u0131k Kolay De\u011fil G\u00fclmemiz Gerek B: Ya\u015famak Bu De\u011fil Seni Yakacaklar \u00d6l\u00fcrsem Kabrime Gelme \u0130stemem Mutlu Ol Yeter Aya\u011f\u0131nda Kundura<\/p>\n","protected":false},"featured_media":2551,"template":"","meta":{"_joinchat":[]},"product_brand":[],"product_cat":[653,109,592],"product_tag":[679],"giftcard-category":[],"class_list":{"0":"post-2550","1":"product","2":"type-product","3":"status-publish","4":"has-post-thumbnail","6":"product_cat-arabesk","7":"product_cat-ibrahim-tatlises","8":"product_cat-lps","9":"product_tag-turkuola","11":"first","12":"instock","13":"taxable","14":"shipping-taxable","15":"purchasable","16":"product-type-simple","17":"add-to-wishlist-before_image"},"supplier_id":null,"supplier_sku":"","barcode":null,"atum_controlled":true,"out_stock_date":null,"out_stock_threshold":null,"inheritable":false,"inbound_stock":null,"stock_on_hold":0,"sold_today":0,"sales_last_days":0,"reserved_stock":null,"customer_returns":null,"warehouse_damage":null,"lost_in_post":null,"other_logs":null,"out_stock_days":0,"lost_sales":0,"has_location":null,"update_date":"2026-05-01T00:08:09","atum_locations":[],"atum_stock_status":"instock","restock_status":false,"low_stock_amount":"","sales_update_date":"2026-05-01T00:08:09","calc_backorders":null,"yoast_head":"<!-- This site is optimized with the Yoast SEO plugin v27.5 - https:\/\/yoast.com\/product\/yoast-seo-wordpress\/ -->\n<title>\u0130brahim Tatl\u0131ses - Ac\u0131 Ger\u00e7ekler \/ Mutlu Ol Yeter - Plakci.nl<\/title>\n<meta name=\"robots\" content=\"index, follow, max-snippet:-1, max-image-preview:large, max-video-preview:-1\" \/>\n<link rel=\"canonical\" href=\"https:\/\/plakci.nl\/tr\/product\/ibrahim-tatlises-aci-gercekler-mutlu-ol-yeter-lp\/\" \/>\n<meta property=\"og:locale\" content=\"tr_TR\" \/>\n<meta property=\"og:type\" content=\"article\" \/>\n<meta property=\"og:title\" content=\"\u0130brahim Tatl\u0131ses - Ac\u0131 Ger\u00e7ekler \/ Mutlu Ol Yeter - Plakci.nl\" \/>\n<meta property=\"og:description\" content=\"A: Bu da Ge\u00e7er Ac\u0131 Ger\u00e7ekler Bir Kulunu \u00c7ok Sevdim Ayr\u0131l\u0131k Kolay De\u011fil G\u00fclmemiz Gerek B: Ya\u015famak Bu De\u011fil Seni Yakacaklar \u00d6l\u00fcrsem Kabrime Gelme \u0130stemem Mutlu Ol Yeter Aya\u011f\u0131nda Kundura\" \/>\n<meta property=\"og:url\" content=\"https:\/\/plakci.nl\/product\/ibrahim-tatlises-aci-gercekler-mutlu-ol-yeter-lp\/\" \/>\n<meta property=\"og:site_name\" content=\"Plakci.nl\" \/>\n<meta property=\"article:publisher\" content=\"https:\/\/www.facebook.com\/Plakci.nl\" \/>\n<meta property=\"article:modified_time\" content=\"2026-04-28T15:03:00+00:00\" \/>\n<meta property=\"og:image\" content=\"https:\/\/plakci.nl\/wp-content\/uploads\/2022\/02\/8697450055357-ibrahim-tatlises-aci-ger-99f-a2.jpg\" \/>\n\t<meta property=\"og:image:width\" content=\"1200\" \/>\n\t<meta property=\"og:image:height\" content=\"1200\" \/>\n\t<meta property=\"og:image:type\" content=\"image\/jpeg\" \/>\n<meta name=\"twitter:card\" content=\"summary_large_image\" \/>\n<meta name=\"twitter:label1\" content=\"Tahmini okuma s\u00fcresi\" \/>\n\t<meta name=\"twitter:data1\" content=\"1 dakika\" \/>\n<script type=\"application\/ld+json\" class=\"yoast-schema-graph\">{\"@context\":\"https:\\\/\\\/schema.org\",\"@graph\":[{\"@type\":\"WebPage\",\"@id\":\"https:\\\/\\\/plakci.nl\\\/product\\\/ibrahim-tatlises-aci-gercekler-mutlu-ol-yeter-lp\\\/\",\"url\":\"https:\\\/\\\/plakci.nl\\\/product\\\/ibrahim-tatlises-aci-gercekler-mutlu-ol-yeter-lp\\\/\",\"name\":\"\u0130brahim Tatl\u0131ses - Ac\u0131 Ger\u00e7ekler \\\/ Mutlu Ol Yeter - Plakci.nl\",\"isPartOf\":{\"@id\":\"https:\\\/\\\/plakci.nl\\\/#website\"},\"primaryImageOfPage\":{\"@id\":\"https:\\\/\\\/plakci.nl\\\/product\\\/ibrahim-tatlises-aci-gercekler-mutlu-ol-yeter-lp\\\/#primaryimage\"},\"image\":{\"@id\":\"https:\\\/\\\/plakci.nl\\\/product\\\/ibrahim-tatlises-aci-gercekler-mutlu-ol-yeter-lp\\\/#primaryimage\"},\"thumbnailUrl\":\"https:\\\/\\\/plakci.nl\\\/wp-content\\\/uploads\\\/2022\\\/02\\\/8697450055357-ibrahim-tatlises-aci-ger-99f-a2.jpg\",\"datePublished\":\"2022-02-14T14:26:32+00:00\",\"dateModified\":\"2026-04-28T15:03:00+00:00\",\"breadcrumb\":{\"@id\":\"https:\\\/\\\/plakci.nl\\\/product\\\/ibrahim-tatlises-aci-gercekler-mutlu-ol-yeter-lp\\\/#breadcrumb\"},\"inLanguage\":\"tr\",\"potentialAction\":[{\"@type\":\"ReadAction\",\"target\":[\"https:\\\/\\\/plakci.nl\\\/product\\\/ibrahim-tatlises-aci-gercekler-mutlu-ol-yeter-lp\\\/\"]}]},{\"@type\":\"ImageObject\",\"inLanguage\":\"tr\",\"@id\":\"https:\\\/\\\/plakci.nl\\\/product\\\/ibrahim-tatlises-aci-gercekler-mutlu-ol-yeter-lp\\\/#primaryimage\",\"url\":\"https:\\\/\\\/plakci.nl\\\/wp-content\\\/uploads\\\/2022\\\/02\\\/8697450055357-ibrahim-tatlises-aci-ger-99f-a2.jpg\",\"contentUrl\":\"https:\\\/\\\/plakci.nl\\\/wp-content\\\/uploads\\\/2022\\\/02\\\/8697450055357-ibrahim-tatlises-aci-ger-99f-a2.jpg\",\"width\":1200,\"height\":1200},{\"@type\":\"BreadcrumbList\",\"@id\":\"https:\\\/\\\/plakci.nl\\\/product\\\/ibrahim-tatlises-aci-gercekler-mutlu-ol-yeter-lp\\\/#breadcrumb\",\"itemListElement\":[{\"@type\":\"ListItem\",\"position\":1,\"name\":\"Home\",\"item\":\"https:\\\/\\\/plakci.nl\\\/\"},{\"@type\":\"ListItem\",\"position\":2,\"name\":\"Producten\",\"item\":\"https:\\\/\\\/plakci.nl\\\/producten\\\/\"},{\"@type\":\"ListItem\",\"position\":3,\"name\":\"[LP] \u0130brahim Tatl\u0131ses &#8211; Ac\u0131 Ger\u00e7ekler \\\/ Mutlu Ol Yeter\"}]},{\"@type\":\"WebSite\",\"@id\":\"https:\\\/\\\/plakci.nl\\\/#website\",\"url\":\"https:\\\/\\\/plakci.nl\\\/\",\"name\":\"Plakci.nl\",\"description\":\"T\u00fcrk\u00e7e Plak ve CD\",\"publisher\":{\"@id\":\"https:\\\/\\\/plakci.nl\\\/#organization\"},\"potentialAction\":[{\"@type\":\"SearchAction\",\"target\":{\"@type\":\"EntryPoint\",\"urlTemplate\":\"https:\\\/\\\/plakci.nl\\\/?s={search_term_string}\"},\"query-input\":{\"@type\":\"PropertyValueSpecification\",\"valueRequired\":true,\"valueName\":\"search_term_string\"}}],\"inLanguage\":\"tr\"},{\"@type\":\"Organization\",\"@id\":\"https:\\\/\\\/plakci.nl\\\/#organization\",\"name\":\"Plakci\",\"url\":\"https:\\\/\\\/plakci.nl\\\/\",\"logo\":{\"@type\":\"ImageObject\",\"inLanguage\":\"tr\",\"@id\":\"https:\\\/\\\/plakci.nl\\\/#\\\/schema\\\/logo\\\/image\\\/\",\"url\":\"https:\\\/\\\/plakci.nl\\\/wp-content\\\/uploads\\\/2021\\\/08\\\/Logo_Plakci_transparent-1.png\",\"contentUrl\":\"https:\\\/\\\/plakci.nl\\\/wp-content\\\/uploads\\\/2021\\\/08\\\/Logo_Plakci_transparent-1.png\",\"width\":89,\"height\":70,\"caption\":\"Plakci\"},\"image\":{\"@id\":\"https:\\\/\\\/plakci.nl\\\/#\\\/schema\\\/logo\\\/image\\\/\"},\"sameAs\":[\"https:\\\/\\\/www.facebook.com\\\/Plakci.nl\",\"https:\\\/\\\/www.instagram.com\\\/plakci.nl\\\/\",\"https:\\\/\\\/www.tiktok.com\\\/@plakci.nl\"]}]}<\/script>\n<!-- \/ Yoast SEO plugin. -->","yoast_head_json":{"title":"\u0130brahim Tatl\u0131ses - Ac\u0131 Ger\u00e7ekler \/ Mutlu Ol Yeter - Plakci.nl","robots":{"index":"index","follow":"follow","max-snippet":"max-snippet:-1","max-image-preview":"max-image-preview:large","max-video-preview":"max-video-preview:-1"},"canonical":"https:\/\/plakci.nl\/tr\/product\/ibrahim-tatlises-aci-gercekler-mutlu-ol-yeter-lp\/","og_locale":"tr_TR","og_type":"article","og_title":"\u0130brahim Tatl\u0131ses - Ac\u0131 Ger\u00e7ekler \/ Mutlu Ol Yeter - Plakci.nl","og_description":"A: Bu da Ge\u00e7er Ac\u0131 Ger\u00e7ekler Bir Kulunu \u00c7ok Sevdim Ayr\u0131l\u0131k Kolay De\u011fil G\u00fclmemiz Gerek B: Ya\u015famak Bu De\u011fil Seni Yakacaklar \u00d6l\u00fcrsem Kabrime Gelme \u0130stemem Mutlu Ol Yeter Aya\u011f\u0131nda Kundura","og_url":"https:\/\/plakci.nl\/product\/ibrahim-tatlises-aci-gercekler-mutlu-ol-yeter-lp\/","og_site_name":"Plakci.nl","article_publisher":"https:\/\/www.facebook.com\/Plakci.nl","article_modified_time":"2026-04-28T15:03:00+00:00","og_image":[{"width":1200,"height":1200,"url":"https:\/\/plakci.nl\/wp-content\/uploads\/2022\/02\/8697450055357-ibrahim-tatlises-aci-ger-99f-a2.jpg","type":"image\/jpeg"}],"twitter_card":"summary_large_image","twitter_misc":{"Tahmini okuma s\u00fcresi":"1 dakika"},"schema":{"@context":"https:\/\/schema.org","@graph":[{"@type":"WebPage","@id":"https:\/\/plakci.nl\/product\/ibrahim-tatlises-aci-gercekler-mutlu-ol-yeter-lp\/","url":"https:\/\/plakci.nl\/product\/ibrahim-tatlises-aci-gercekler-mutlu-ol-yeter-lp\/","name":"\u0130brahim Tatl\u0131ses - Ac\u0131 Ger\u00e7ekler \/ Mutlu Ol Yeter - Plakci.nl","isPartOf":{"@id":"https:\/\/plakci.nl\/#website"},"primaryImageOfPage":{"@id":"https:\/\/plakci.nl\/product\/ibrahim-tatlises-aci-gercekler-mutlu-ol-yeter-lp\/#primaryimage"},"image":{"@id":"https:\/\/plakci.nl\/product\/ibrahim-tatlises-aci-gercekler-mutlu-ol-yeter-lp\/#primaryimage"},"thumbnailUrl":"https:\/\/plakci.nl\/wp-content\/uploads\/2022\/02\/8697450055357-ibrahim-tatlises-aci-ger-99f-a2.jpg","datePublished":"2022-02-14T14:26:32+00:00","dateModified":"2026-04-28T15:03:00+00:00","breadcrumb":{"@id":"https:\/\/plakci.nl\/product\/ibrahim-tatlises-aci-gercekler-mutlu-ol-yeter-lp\/#breadcrumb"},"inLanguage":"tr","potentialAction":[{"@type":"ReadAction","target":["https:\/\/plakci.nl\/product\/ibrahim-tatlises-aci-gercekler-mutlu-ol-yeter-lp\/"]}]},{"@type":"ImageObject","inLanguage":"tr","@id":"https:\/\/plakci.nl\/product\/ibrahim-tatlises-aci-gercekler-mutlu-ol-yeter-lp\/#primaryimage","url":"https:\/\/plakci.nl\/wp-content\/uploads\/2022\/02\/8697450055357-ibrahim-tatlises-aci-ger-99f-a2.jpg","contentUrl":"https:\/\/plakci.nl\/wp-content\/uploads\/2022\/02\/8697450055357-ibrahim-tatlises-aci-ger-99f-a2.jpg","width":1200,"height":1200},{"@type":"BreadcrumbList","@id":"https:\/\/plakci.nl\/product\/ibrahim-tatlises-aci-gercekler-mutlu-ol-yeter-lp\/#breadcrumb","itemListElement":[{"@type":"ListItem","position":1,"name":"Home","item":"https:\/\/plakci.nl\/"},{"@type":"ListItem","position":2,"name":"Producten","item":"https:\/\/plakci.nl\/producten\/"},{"@type":"ListItem","position":3,"name":"[LP] \u0130brahim Tatl\u0131ses &#8211; Ac\u0131 Ger\u00e7ekler \/ Mutlu Ol Yeter"}]},{"@type":"WebSite","@id":"https:\/\/plakci.nl\/#website","url":"https:\/\/plakci.nl\/","name":"Plakci.nl","description":"T\u00fcrk\u00e7e Plak ve CD","publisher":{"@id":"https:\/\/plakci.nl\/#organization"},"potentialAction":[{"@type":"SearchAction","target":{"@type":"EntryPoint","urlTemplate":"https:\/\/plakci.nl\/?s={search_term_string}"},"query-input":{"@type":"PropertyValueSpecification","valueRequired":true,"valueName":"search_term_string"}}],"inLanguage":"tr"},{"@type":"Organization","@id":"https:\/\/plakci.nl\/#organization","name":"Plakci","url":"https:\/\/plakci.nl\/","logo":{"@type":"ImageObject","inLanguage":"tr","@id":"https:\/\/plakci.nl\/#\/schema\/logo\/image\/","url":"https:\/\/plakci.nl\/wp-content\/uploads\/2021\/08\/Logo_Plakci_transparent-1.png","contentUrl":"https:\/\/plakci.nl\/wp-content\/uploads\/2021\/08\/Logo_Plakci_transparent-1.png","width":89,"height":70,"caption":"Plakci"},"image":{"@id":"https:\/\/plakci.nl\/#\/schema\/logo\/image\/"},"sameAs":["https:\/\/www.facebook.com\/Plakci.nl","https:\/\/www.instagram.com\/plakci.nl\/","https:\/\/www.tiktok.com\/@plakci.nl"]}]}},"_links":{"self":[{"href":"https:\/\/plakci.nl\/tr\/wp-json\/wp\/v2\/product\/2550","targetHints":{"allow":["GET"]}}],"collection":[{"href":"https:\/\/plakci.nl\/tr\/wp-json\/wp\/v2\/product"}],"about":[{"href":"https:\/\/plakci.nl\/tr\/wp-json\/wp\/v2\/types\/product"}],"wp:featuredmedia":[{"embeddable":true,"href":"https:\/\/plakci.nl\/tr\/wp-json\/wp\/v2\/media\/2551"}],"wp:attachment":[{"href":"https:\/\/plakci.nl\/tr\/wp-json\/wp\/v2\/media?parent=2550"}],"wp:term":[{"taxonomy":"product_brand","embeddable":true,"href":"https:\/\/plakci.nl\/tr\/wp-json\/wp\/v2\/product_brand?post=2550"},{"taxonomy":"product_cat","embeddable":true,"href":"https:\/\/plakci.nl\/tr\/wp-json\/wp\/v2\/product_cat?post=2550"},{"taxonomy":"product_tag","embeddable":true,"href":"https:\/\/plakci.nl\/tr\/wp-json\/wp\/v2\/product_tag?post=2550"},{"taxonomy":"giftcard-category","embeddable":true,"href":"https:\/\/plakci.nl\/tr\/wp-json\/wp\/v2\/giftcard-category?post=2550"}],"curies":[{"name":"wp","href":"https:\/\/api.w.org\/{rel}","templated":true}]}}